{"id":926,"date":"2022-10-14T11:35:42","date_gmt":"2022-10-14T09:35:42","guid":{"rendered":"https:\/\/atelier-responsif.fr\/?page_id=926"},"modified":"2022-10-21T14:09:10","modified_gmt":"2022-10-21T12:09:10","slug":"communication","status":"publish","type":"page","link":"https:\/\/atelier-responsif.fr\/index.php\/communication\/","title":{"rendered":"Communication"},"content":{"rendered":"<p>[et_pb_section fb_built=\u00a0\u00bb1&Prime; _builder_version=\u00a0\u00bb4.17.4&Prime; _module_preset=\u00a0\u00bbdefault\u00a0\u00bb background_image=\u00a0\u00bbhttps:\/\/atelier-responsif.fr\/wp-content\/uploads\/2022\/10\/Fichier-56.png\u00a0\u00bb global_colors_info=\u00a0\u00bb{}\u00a0\u00bb][et_pb_row _builder_version=\u00a0\u00bb4.17.4&Prime; _module_preset=\u00a0\u00bbdefault\u00a0\u00bb global_colors_info=\u00a0\u00bb{}\u00a0\u00bb][et_pb_column type=\u00a0\u00bb4_4&Prime; _builder_version=\u00a0\u00bb4.17.4&Prime; _module_preset=\u00a0\u00bbdefault\u00a0\u00bb global_colors_info=\u00a0\u00bb{}\u00a0\u00bb][et_pb_text _builder_version=\u00a0\u00bb4.17.4&Prime; _module_preset=\u00a0\u00bbdefault\u00a0\u00bb global_colors_info=\u00a0\u00bb{}\u00a0\u00bb]<\/p>\n<h1 style=\"text-align: center;\">Communication<\/h1>\n<p>[\/et_pb_text][\/et_pb_column][\/et_pb_row][\/et_pb_section][et_pb_section fb_built=\u00a0\u00bb1&Prime; _builder_version=\u00a0\u00bb4.17.4&Prime; _module_preset=\u00a0\u00bbdefault\u00a0\u00bb global_colors_info=\u00a0\u00bb{}\u00a0\u00bb][et_pb_row _builder_version=\u00a0\u00bb4.17.4&Prime; _module_preset=\u00a0\u00bbdefault\u00a0\u00bb global_colors_info=\u00a0\u00bb{}\u00a0\u00bb][et_pb_column type=\u00a0\u00bb4_4&Prime; _builder_version=\u00a0\u00bb4.17.4&Prime; _module_preset=\u00a0\u00bbdefault\u00a0\u00bb global_colors_info=\u00a0\u00bb{}\u00a0\u00bb][et_pb_text _builder_version=\u00a0\u00bb4.17.4&Prime; _module_preset=\u00a0\u00bbdefault\u00a0\u00bb global_colors_info=\u00a0\u00bb{}\u00a0\u00bb]<\/p>\n<p style=\"text-align: center;\">Je vous accompagne pour r\u00e9pondre \u00e0 vos besoins en termes de communication, qu&rsquo;il s&rsquo;agisse de communication classique, de communication d&rsquo;entreprise, ou bien de communication scientifique.<\/p>\n<p>[\/et_pb_text][\/et_pb_column][\/et_pb_row][et_pb_row column_structure=\u00a0\u00bb2_5,3_5&Prime; _builder_version=\u00a0\u00bb4.17.4&Prime; _module_preset=\u00a0\u00bbdefault\u00a0\u00bb global_colors_info=\u00a0\u00bb{}\u00a0\u00bb][et_pb_column type=\u00a0\u00bb2_5&Prime; _builder_version=\u00a0\u00bb4.17.4&Prime; _module_preset=\u00a0\u00bbdefault\u00a0\u00bb global_colors_info=\u00a0\u00bb{}\u00a0\u00bb][et_pb_image src=\u00a0\u00bbhttps:\/\/atelier-responsif.fr\/wp-content\/uploads\/2022\/09\/Free-Website-Branding-MacBook-Pro-Mockup-copie.png\u00a0\u00bb title_text=\u00a0\u00bbNouveau site internet refonte web l&rsquo;Atelier Responsif\u00a0\u00bb _builder_version=\u00a0\u00bb4.17.4&Prime; _module_preset=\u00a0\u00bbdefault\u00a0\u00bb global_colors_info=\u00a0\u00bb{}\u00a0\u00bb][\/et_pb_image][\/et_pb_column][et_pb_column type=\u00a0\u00bb3_5&Prime; _builder_version=\u00a0\u00bb4.17.4&Prime; _module_preset=\u00a0\u00bbdefault\u00a0\u00bb global_colors_info=\u00a0\u00bb{}\u00a0\u00bb][et_pb_text _builder_version=\u00a0\u00bb4.17.4&Prime; _module_preset=\u00a0\u00bbdefault\u00a0\u00bb global_colors_info=\u00a0\u00bb{}\u00a0\u00bb]<\/p>\n<h2>Site internet<\/h2>\n<p>Je me charge de la cr\u00e9ation de votre site internet (one-page site ou projet plus complet) ainsi que la r\u00e9daction des contenus. Site d&rsquo;entreprise, d&rsquo;association, ou bien pr\u00e9sentation d&rsquo;un projet, je m&rsquo;adapte \u00e0 vos besoins. Je suis \u00e9galement en mesure de vous proposer la r\u00e9alisation de votre site e-commerce. Je travaille avec <a href=\"https:\/\/frankr.io\/\">une sp\u00e9cialiste du r\u00e9f\u00e9rencement<\/a>, vous serez entre de bonnes mains sur toute la ligne !<\/p>\n<p>[\/et_pb_text][\/et_pb_column][\/et_pb_row][et_pb_row column_structure=\u00a0\u00bb2_5,3_5&Prime; _builder_version=\u00a0\u00bb4.17.4&Prime; _module_preset=\u00a0\u00bbdefault\u00a0\u00bb global_colors_info=\u00a0\u00bb{}\u00a0\u00bb][et_pb_column type=\u00a0\u00bb2_5&Prime; _builder_version=\u00a0\u00bb4.17.4&Prime; _module_preset=\u00a0\u00bbdefault\u00a0\u00bb global_colors_info=\u00a0\u00bb{}\u00a0\u00bb][et_pb_image src=\u00a0\u00bbhttps:\/\/atelier-responsif.fr\/wp-content\/uploads\/2022\/10\/Fichier-57.png\u00a0\u00bb alt=\u00a0\u00bbEmailing Newsletter R\u00e9daction de contenu Atelier Responsif Toulouse\u00a0\u00bb title_text=\u00a0\u00bbEmailing Newsletter Adressage Atelier Responsif Toulouse\u00a0\u00bb _builder_version=\u00a0\u00bb4.17.4&Prime; _module_preset=\u00a0\u00bbdefault\u00a0\u00bb global_colors_info=\u00a0\u00bb{}\u00a0\u00bb][\/et_pb_image][\/et_pb_column][et_pb_column type=\u00a0\u00bb3_5&Prime; _builder_version=\u00a0\u00bb4.17.4&Prime; _module_preset=\u00a0\u00bbdefault\u00a0\u00bb global_colors_info=\u00a0\u00bb{}\u00a0\u00bb][et_pb_text _builder_version=\u00a0\u00bb4.17.4&Prime; _module_preset=\u00a0\u00bbdefault\u00a0\u00bb global_colors_info=\u00a0\u00bb{}\u00a0\u00bb]<\/p>\n<h2>Emailing<\/h2>\n<p><span>Je con\u00e7ois (<\/span><strong>mise en forme<\/strong><span>\u00a0et\u00a0<\/span><strong>r\u00e9daction<\/strong><span>) en collaboration avec vous vos\u00a0<\/span><strong>campagnes mailing<\/strong><span>\u00a0et\u00a0<\/span><strong>newsletters<\/strong><span>\u00a0et je me charge de leur\u00a0<\/span><strong>envoi<\/strong><span>\u00a0via une plateforme d\u00e9di\u00e9e, sur la base de vos fichiers clients ou prospects. Le tout dans le respect du RGPD.<\/span><\/p>\n<p>[\/et_pb_text][\/et_pb_column][\/et_pb_row][et_pb_row column_structure=\u00a0\u00bb2_5,3_5&Prime; _builder_version=\u00a0\u00bb4.17.4&Prime; _module_preset=\u00a0\u00bbdefault\u00a0\u00bb global_colors_info=\u00a0\u00bb{}\u00a0\u00bb][et_pb_column type=\u00a0\u00bb2_5&Prime; _builder_version=\u00a0\u00bb4.17.4&Prime; _module_preset=\u00a0\u00bbdefault\u00a0\u00bb global_colors_info=\u00a0\u00bb{}\u00a0\u00bb][et_pb_image src=\u00a0\u00bbhttps:\/\/atelier-responsif.fr\/wp-content\/uploads\/2022\/10\/Fichier-58.png\u00a0\u00bb title_text=\u00a0\u00bbR\u00e9daction R\u00e9daction de contenus Ecriture Atelier Responsif Toulouse Blog \u00a0\u00bb align=\u00a0\u00bbcenter\u00a0\u00bb _builder_version=\u00a0\u00bb4.17.4&Prime; _module_preset=\u00a0\u00bbdefault\u00a0\u00bb global_colors_info=\u00a0\u00bb{}\u00a0\u00bb][\/et_pb_image][\/et_pb_column][et_pb_column type=\u00a0\u00bb3_5&Prime; _builder_version=\u00a0\u00bb4.17.4&Prime; _module_preset=\u00a0\u00bbdefault\u00a0\u00bb global_colors_info=\u00a0\u00bb{}\u00a0\u00bb][et_pb_text _builder_version=\u00a0\u00bb4.17.4&Prime; _module_preset=\u00a0\u00bbdefault\u00a0\u00bb global_colors_info=\u00a0\u00bb{}\u00a0\u00bb]<\/p>\n<h2>R\u00e9daction de contenus<\/h2>\n<p><span>Besoin d\u2019un\u00a0<\/span><strong>article de blog<\/strong><span> ? Du texte pour votre site internet ? D\u2019une <\/span><strong>tribune<\/strong><span>\u00a0? D\u2019un\u00a0<\/span><strong>communiqu\u00e9 de presse<\/strong><span> ? Apr\u00e8s un \u00e9change (en pr\u00e9sentiel ou par visioconf\u00e9rence) sur votre besoin, vos souhaits, sur le <\/span><strong>point de vue<\/strong><span>\u00a0\u00e0 exprimer, je m\u2019occupe pour vous de la partie r\u00e9dactionnelle et adoptant le ton ad\u00e9quat. Je r\u00e9dige en fran\u00e7ais ou en anglais selon votre besoin. V<\/span><span>ous aurez bien entendu le dernier mot au travers de la relecture finale !\u00a0<\/span><\/p>\n<p>[\/et_pb_text][\/et_pb_column][\/et_pb_row][et_pb_row column_structure=\u00a0\u00bb2_5,3_5&Prime; _builder_version=\u00a0\u00bb4.17.4&Prime; _module_preset=\u00a0\u00bbdefault\u00a0\u00bb global_colors_info=\u00a0\u00bb{}\u00a0\u00bb][et_pb_column type=\u00a0\u00bb2_5&Prime; _builder_version=\u00a0\u00bb4.17.4&Prime; _module_preset=\u00a0\u00bbdefault\u00a0\u00bb global_colors_info=\u00a0\u00bb{}\u00a0\u00bb][et_pb_image src=\u00a0\u00bbhttps:\/\/atelier-responsif.fr\/wp-content\/uploads\/2022\/10\/Fichier-48.png\u00a0\u00bb title_text=\u00a0\u00bbFichier 48&Prime; _builder_version=\u00a0\u00bb4.17.4&Prime; _module_preset=\u00a0\u00bbdefault\u00a0\u00bb global_colors_info=\u00a0\u00bb{}\u00a0\u00bb][\/et_pb_image][\/et_pb_column][et_pb_column type=\u00a0\u00bb3_5&Prime; _builder_version=\u00a0\u00bb4.17.4&Prime; _module_preset=\u00a0\u00bbdefault\u00a0\u00bb global_colors_info=\u00a0\u00bb{}\u00a0\u00bb][et_pb_text _builder_version=\u00a0\u00bb4.17.4&Prime; _module_preset=\u00a0\u00bbdefault\u00a0\u00bb global_colors_info=\u00a0\u00bb{}\u00a0\u00bb]<\/p>\n<h2>Traduction<\/h2>\n<p><span>Bilingue\u00a0<\/span><strong>fran\u00e7ais \u2013 anglais<\/strong><span>\u00a0je me charge de la\u00a0<\/span><strong>traduction<\/strong><span>\u00a0(du fran\u00e7ais vers l\u2019anglais ou le contraire)\u00a0<\/span><strong>de tout document, m\u00eame technique ou sp\u00e9cialis\u00e9.<span>\u00a0<\/span><\/strong><span>Pour d\u2019autres besoins en langues je peux vous mettre en relation avec des coll\u00e8gues qui travaillent en espagnol.<\/span><\/p>\n<p>[\/et_pb_text][\/et_pb_column][\/et_pb_row][et_pb_row column_structure=\u00a0\u00bb2_5,3_5&Prime; _builder_version=\u00a0\u00bb4.17.4&Prime; _module_preset=\u00a0\u00bbdefault\u00a0\u00bb global_colors_info=\u00a0\u00bb{}\u00a0\u00bb][et_pb_column type=\u00a0\u00bb2_5&Prime; _builder_version=\u00a0\u00bb4.17.4&Prime; _module_preset=\u00a0\u00bbdefault\u00a0\u00bb global_colors_info=\u00a0\u00bb{}\u00a0\u00bb][et_pb_image src=\u00a0\u00bbhttps:\/\/atelier-responsif.fr\/wp-content\/uploads\/2022\/10\/Fichier-49-1.png\u00a0\u00bb title_text=\u00a0\u00bbEdition et mise en page Atelier Responsif Toulouse PAO\u00a0\u00bb _builder_version=\u00a0\u00bb4.17.4&Prime; _module_preset=\u00a0\u00bbdefault\u00a0\u00bb global_colors_info=\u00a0\u00bb{}\u00a0\u00bb][\/et_pb_image][\/et_pb_column][et_pb_column type=\u00a0\u00bb3_5&Prime; _builder_version=\u00a0\u00bb4.17.4&Prime; _module_preset=\u00a0\u00bbdefault\u00a0\u00bb global_colors_info=\u00a0\u00bb{}\u00a0\u00bb][et_pb_text _builder_version=\u00a0\u00bb4.17.4&Prime; _module_preset=\u00a0\u00bbdefault\u00a0\u00bb global_colors_info=\u00a0\u00bb{}\u00a0\u00bb]<\/p>\n<h2>\u00c9dition et mise en page<\/h2>\n<p><span>A l\u2019aide du logiciel InDesign je r\u00e9alise, sur la base du texte de vos fichiers bruts (ex. au format Word)\u00a0 la\u00a0<\/span><strong>mise en page professionnelle<\/strong><span>\u00a0 et de l\u2019<\/span><strong>\u00e9dition<\/strong><span>\u00a0de vos rapports d\u2019activit\u00e9s, publications, \u00e9tudes, questionnaires, brochures, questionnaires de recherche, enqu\u00eates etc.<\/span><\/p>\n<p>[\/et_pb_text][\/et_pb_column][\/et_pb_row][et_pb_row column_structure=\u00a0\u00bb2_5,3_5&Prime; _builder_version=\u00a0\u00bb4.17.4&Prime; _module_preset=\u00a0\u00bbdefault\u00a0\u00bb global_colors_info=\u00a0\u00bb{}\u00a0\u00bb][et_pb_column type=\u00a0\u00bb2_5&Prime; _builder_version=\u00a0\u00bb4.17.4&Prime; _module_preset=\u00a0\u00bbdefault\u00a0\u00bb global_colors_info=\u00a0\u00bb{}\u00a0\u00bb][et_pb_image src=\u00a0\u00bbhttps:\/\/atelier-responsif.fr\/wp-content\/uploads\/2022\/10\/Fichier-60.png\u00a0\u00bb alt=\u00a0\u00bbCr\u00e9ation affiche ou plaquette Atelier Responsif Toulouse\u00a0\u00bb title_text=\u00a0\u00bbFichier 60&Prime; _builder_version=\u00a0\u00bb4.17.4&Prime; _module_preset=\u00a0\u00bbdefault\u00a0\u00bb global_colors_info=\u00a0\u00bb{}\u00a0\u00bb][\/et_pb_image][\/et_pb_column][et_pb_column type=\u00a0\u00bb3_5&Prime; _builder_version=\u00a0\u00bb4.17.4&Prime; _module_preset=\u00a0\u00bbdefault\u00a0\u00bb global_colors_info=\u00a0\u00bb{}\u00a0\u00bb][et_pb_text _builder_version=\u00a0\u00bb4.17.4&Prime; _module_preset=\u00a0\u00bbdefault\u00a0\u00bb global_colors_info=\u00a0\u00bb{}\u00a0\u00bb]<\/p>\n<h2>Plaquettes et affiches<\/h2>\n<p>Besoin de faire conna\u00eetre votre organisation ou un \u00e9v\u00e9nement ? Je r\u00e9alise sur mesure la plaquette de votre entreprise ou bien l&rsquo;affiche de votre \u00e9v\u00e8nement. Retrouvez mes r\u00e9alisations pr\u00e9c\u00e9dentes <a href=\"https:\/\/atelier-responsif.fr\/index.php\/realisations-de-latelier-responsif\/\">ici<\/a>.<\/p>\n<p>[\/et_pb_text][\/et_pb_column][\/et_pb_row][et_pb_row column_structure=\u00a0\u00bb2_5,3_5&Prime; _builder_version=\u00a0\u00bb4.17.4&Prime; _module_preset=\u00a0\u00bbdefault\u00a0\u00bb global_colors_info=\u00a0\u00bb{}\u00a0\u00bb][et_pb_column type=\u00a0\u00bb2_5&Prime; _builder_version=\u00a0\u00bb4.17.4&Prime; _module_preset=\u00a0\u00bbdefault\u00a0\u00bb global_colors_info=\u00a0\u00bb{}\u00a0\u00bb][et_pb_image src=\u00a0\u00bbhttps:\/\/atelier-responsif.fr\/wp-content\/uploads\/2022\/10\/Fichier-59.png\u00a0\u00bb title_text=\u00a0\u00bbCommunication scientifique Toulouse Atelier Responsif ComSci Recherche scientifique\u00a0\u00bb align=\u00a0\u00bbcenter\u00a0\u00bb _builder_version=\u00a0\u00bb4.17.4&Prime; _module_preset=\u00a0\u00bbdefault\u00a0\u00bb global_colors_info=\u00a0\u00bb{}\u00a0\u00bb][\/et_pb_image][\/et_pb_column][et_pb_column type=\u00a0\u00bb3_5&Prime; _builder_version=\u00a0\u00bb4.17.4&Prime; _module_preset=\u00a0\u00bbdefault\u00a0\u00bb global_colors_info=\u00a0\u00bb{}\u00a0\u00bb][et_pb_text _builder_version=\u00a0\u00bb4.17.4&Prime; _module_preset=\u00a0\u00bbdefault\u00a0\u00bb global_colors_info=\u00a0\u00bb{}\u00a0\u00bb]<\/p>\n<h2>Communication scientifique<\/h2>\n<p>Ayant travaill\u00e9 pr\u00e8s de 20 ans en lien \u00e9troit avec des chercheurs de diff\u00e9rents domaines, je suis en mesure de vous accompagner pour la <strong>communication autour de votre colloque<\/strong> ou votre conf\u00e9rence, ou bien pour la <strong>r\u00e9alisation des outils de communication de votre projet de recherche<\/strong> (site internet, affiche etc.) ainsi que pour la cr\u00e9ation de votre page professionnelle qui pr\u00e9sente l&rsquo;ensemble de vos travaux. Je vous propose \u00e9galement de <strong>piloter le volet diss\u00e9mination autour des r\u00e9sultats de votre projet de recherche<\/strong>.<\/p>\n<p>[\/et_pb_text][\/et_pb_column][\/et_pb_row][et_pb_row _builder_version=\u00a0\u00bb4.17.4&Prime; _module_preset=\u00a0\u00bbdefault\u00a0\u00bb global_colors_info=\u00a0\u00bb{}\u00a0\u00bb][et_pb_column type=\u00a0\u00bb4_4&Prime; _builder_version=\u00a0\u00bb4.17.4&Prime; _module_preset=\u00a0\u00bbdefault\u00a0\u00bb global_colors_info=\u00a0\u00bb{}\u00a0\u00bb][\/et_pb_column][\/et_pb_row][et_pb_row _builder_version=\u00a0\u00bb4.17.4&Prime; _module_preset=\u00a0\u00bbdefault\u00a0\u00bb global_colors_info=\u00a0\u00bb{}\u00a0\u00bb][et_pb_column type=\u00a0\u00bb4_4&Prime; _builder_version=\u00a0\u00bb4.17.4&Prime; _module_preset=\u00a0\u00bbdefault\u00a0\u00bb global_colors_info=\u00a0\u00bb{}\u00a0\u00bb][et_pb_button button_text=\u00a0\u00bbDiscutons de votre projet !\u00a0\u00bb button_alignment=\u00a0\u00bbcenter\u00a0\u00bb _builder_version=\u00a0\u00bb4.17.4&Prime; _module_preset=\u00a0\u00bbdefault\u00a0\u00bb custom_button=\u00a0\u00bbon\u00a0\u00bb button_border_width=\u00a0\u00bb0px\u00a0\u00bb button_border_radius=\u00a0\u00bb77px\u00a0\u00bb hover_enabled=\u00a0\u00bb0&Prime; global_colors_info=\u00a0\u00bb{}\u00a0\u00bb sticky_enabled=\u00a0\u00bb0&Prime;][\/et_pb_button][\/et_pb_column][\/et_pb_row][et_pb_row _builder_version=\u00a0\u00bb4.17.4&Prime; _module_preset=\u00a0\u00bbdefault\u00a0\u00bb global_colors_info=\u00a0\u00bb{}\u00a0\u00bb][et_pb_column type=\u00a0\u00bb4_4&Prime; _builder_version=\u00a0\u00bb4.17.4&Prime; _module_preset=\u00a0\u00bbdefault\u00a0\u00bb global_colors_info=\u00a0\u00bb{}\u00a0\u00bb][\/et_pb_column][\/et_pb_row][et_pb_row _builder_version=\u00a0\u00bb4.17.4&Prime; _module_preset=\u00a0\u00bbdefault\u00a0\u00bb global_colors_info=\u00a0\u00bb{}\u00a0\u00bb][et_pb_column type=\u00a0\u00bb4_4&Prime; _builder_version=\u00a0\u00bb4.17.4&Prime; _module_preset=\u00a0\u00bbdefault\u00a0\u00bb global_colors_info=\u00a0\u00bb{}\u00a0\u00bb][et_pb_text _builder_version=\u00a0\u00bb4.17.4&Prime; _module_preset=\u00a0\u00bbdefault\u00a0\u00bb global_colors_info=\u00a0\u00bb{}\u00a0\u00bb]<\/p>\n<h2 style=\"text-align: center;\">Mes clients vous racontent<\/h2>\n<p>[\/et_pb_text][\/et_pb_column][\/et_pb_row][et_pb_row _builder_version=\u00a0\u00bb4.17.4&Prime; _module_preset=\u00a0\u00bbdefault\u00a0\u00bb global_colors_info=\u00a0\u00bb{}\u00a0\u00bb][et_pb_column type=\u00a0\u00bb4_4&Prime; _builder_version=\u00a0\u00bb4.17.4&Prime; _module_preset=\u00a0\u00bbdefault\u00a0\u00bb global_colors_info=\u00a0\u00bb{}\u00a0\u00bb][et_pb_testimonial author=\u00a0\u00bbMaria Elena Villar\u00a0\u00bb job_title=\u00a0\u00bbCo Director at Florida International University Steven Cruz Institute for Science, Media + Technology (SCI) (Miami, USA)\u00a0\u00bb portrait_url=\u00a0\u00bbhttps:\/\/atelier-responsif.fr\/wp-content\/uploads\/2022\/10\/maria-elena-villar.png\u00a0\u00bb quote_icon_color=\u00a0\u00bb#da1d40&Prime; _builder_version=\u00a0\u00bb4.17.4&Prime; _module_preset=\u00a0\u00bbdefault\u00a0\u00bb global_colors_info=\u00a0\u00bb{}\u00a0\u00bb]<\/p>\n<p><em>Gaelle and Atelier Responsif were in charge of coordinating the marketing, social media. member relations, and logistics for an international conference (SMCU2020) that had to be converted to a fully virtual event due to the COVID pandemic. She designed all the conference materials including a trilingual website and online registration system. She did not skip a beat when everything had to be moved online, keeping all stakeholders well informed and prepared for the new format. She showed extreme professionalism in the midst a complex and slightly chaotic environment. The conference was a huge success. I enthusiastically recommend Gaelle for all levels communication consulting and event marketing. I would gladly work with her again and hope I have the opportunity to do so.<\/em><\/p>\n<p>[\/et_pb_testimonial][\/et_pb_column][\/et_pb_row][et_pb_row _builder_version=\u00a0\u00bb4.17.4&Prime; _module_preset=\u00a0\u00bbdefault\u00a0\u00bb global_colors_info=\u00a0\u00bb{}\u00a0\u00bb][et_pb_column type=\u00a0\u00bb4_4&Prime; _builder_version=\u00a0\u00bb4.17.4&Prime; _module_preset=\u00a0\u00bbdefault\u00a0\u00bb global_colors_info=\u00a0\u00bb{}\u00a0\u00bb][et_pb_testimonial author=\u00a0\u00bbJuliette BOZON\u00a0\u00bb job_title=\u00a0\u00bbChef chez l&rsquo;Ateliette, traiteur toulousain\u00a0\u00bb portrait_url=\u00a0\u00bbhttps:\/\/atelier-responsif.fr\/wp-content\/uploads\/2022\/10\/logo-fond-bleu-3-203427-158082708123876_3_203427-158134542468431-1.jpeg\u00a0\u00bb quote_icon_color=\u00a0\u00bb#da1d40&Prime; _builder_version=\u00a0\u00bb4.17.4&Prime; _module_preset=\u00a0\u00bbdefault\u00a0\u00bb link_option_url=\u00a0\u00bbhttps:\/\/lateliette.fr\/\u00a0\u00bb global_colors_info=\u00a0\u00bb{}\u00a0\u00bb]<\/p>\n<p><em>\u00ab\u00a0J&rsquo;ai pu trouver ici des r\u00e9ponses aux nombreuses questions que je me posais sur le d\u00e9veloppement web de mon entreprise . J&rsquo;ai b\u00e9n\u00e9fici\u00e9 d&rsquo;un v\u00e9ritable accompagnement pour la cr\u00e9ation de mon site internet, un suivi personnalis\u00e9 r\u00e9alis\u00e9 par la p\u00e9tillante Ga\u00eblle. Elle a toujours \u00e9t\u00e9 tr\u00e8s \u00e0 l&rsquo;\u00e9coute, \u00e0 su cibler mes besoins, me proposer des services adapt\u00e9s et penser au petit truc en plus, celui qui fait la diff\u00e9rence et qu&rsquo;on ne voit pas partout. Elle m&rsquo;a \u00e9galement aid\u00e9 a mettre en place des actions de communication pour augmenter la visibilit\u00e9 de mon entreprise et m&rsquo;a propos\u00e9 des services sur mesure. Cerise sur le g\u00e2teau, elle est tr\u00e8s r\u00e9active, quelle que soit la demande, elle est trait\u00e9 tr\u00e8s vite, je sais que je peux me concentrer rapidement sur les 10.000 autres choses \u00e0 faire de ma liste, car je sais que ma demande sera trait\u00e9e rapidement, et \u00e7a, c&rsquo;est vraiment vraiment tr\u00e8s important et tr\u00e8s confortable pour un entrepreneur comme moi car cela me fait gagner beaucoup de temps.\u00a0\u00bb<\/em><\/p>\n<p>[\/et_pb_testimonial][\/et_pb_column][\/et_pb_row][et_pb_row _builder_version=\u00a0\u00bb4.17.4&Prime; _module_preset=\u00a0\u00bbdefault\u00a0\u00bb global_colors_info=\u00a0\u00bb{}\u00a0\u00bb][et_pb_column type=\u00a0\u00bb4_4&Prime; _builder_version=\u00a0\u00bb4.17.4&Prime; _module_preset=\u00a0\u00bbdefault\u00a0\u00bb global_colors_info=\u00a0\u00bb{}\u00a0\u00bb][et_pb_testimonial author=\u00a0\u00bbMarion FORTIN\u00a0\u00bb job_title=\u00a0\u00bbProfesseur, Toulouse School of Management\u00a0\u00bb portrait_url=\u00a0\u00bbhttps:\/\/atelier-responsif.fr\/wp-content\/uploads\/2022\/10\/1658950063909.jpeg\u00a0\u00bb quote_icon_color=\u00a0\u00bb#da1d40&Prime; _builder_version=\u00a0\u00bb4.17.4&Prime; _module_preset=\u00a0\u00bbdefault\u00a0\u00bb global_colors_info=\u00a0\u00bb{}\u00a0\u00bb]<\/p>\n<p><em>Ga\u00eblle and her team has designed and developed the web portal and the promotion material for our <a href=\"https:\/\/www.anr-judy.fr\/\">ANR funded research project.<\/a> I chose Ga\u00eblle and her team because I had worked with her previously on another project and already then had been deeply impressed with her professionalism, responsiveness, and creativity. Also this time around, the team has gone out of their way to help me meet deadlines, they even came up with innovative solutions for participant recruitment and integrated several functionalities related to research participant recruitment, signup, remuneration etc into the project website. As a non-techie person I found it particularly reassuring and helpful to have very technologically versed people who understand what I don&rsquo;t understand \ud83d\ude42 The website looks super professional and is all singing and dancing, yet even I am able to edit its contents without the help from an expert. Thank you, Ga\u00eblle ! <\/em><\/p>\n<p>[\/et_pb_testimonial][\/et_pb_column][\/et_pb_row][\/et_pb_section]<\/p>\n","protected":false},"excerpt":{"rendered":"<p>CommunicationJe vous accompagne pour r\u00e9pondre \u00e0 vos besoins en termes de communication, qu&rsquo;il s&rsquo;agisse de communication classique, de communication d&rsquo;entreprise, ou bien de communication scientifique.Site internet Je me charge de la cr\u00e9ation de votre site internet (one-page site ou projet plus complet) ainsi que la r\u00e9daction des contenus. Site d&rsquo;entreprise, d&rsquo;association, ou bien pr\u00e9sentation d&rsquo;un [&hellip;]<\/p>\n","protected":false},"author":1,"featured_media":0,"parent":0,"menu_order":0,"comment_status":"closed","ping_status":"closed","template":"","meta":{"_et_pb_use_builder":"on","_et_pb_old_content":"<!-- wp:divi\/placeholder \/-->","_et_gb_content_width":"","inline_featured_image":false,"footnotes":""},"class_list":["post-926","page","type-page","status-publish","hentry"],"yoast_head":"<!-- This site is optimized with the Yoast SEO plugin v20.3 - https:\/\/yoast.com\/wordpress\/plugins\/seo\/ -->\n<title>Communication - L&#039;Atelier Responsif<\/title>\n<meta name=\"robots\" content=\"index, follow, max-snippet:-1, max-image-preview:large, max-video-preview:-1\" \/>\n<link rel=\"canonical\" href=\"https:\/\/atelier-responsif.fr\/index.php\/communication\/\" \/>\n<meta property=\"og:locale\" content=\"fr_FR\" \/>\n<meta property=\"og:type\" content=\"article\" \/>\n<meta property=\"og:title\" content=\"Communication - L&#039;Atelier Responsif\" \/>\n<meta property=\"og:description\" content=\"CommunicationJe vous accompagne pour r\u00e9pondre \u00e0 vos besoins en termes de communication, qu&#039;il s&#039;agisse de communication classique, de communication d&#039;entreprise, ou bien de communication scientifique.Site internet Je me charge de la cr\u00e9ation de votre site internet (one-page site ou projet plus complet) ainsi que la r\u00e9daction des contenus. Site d&#039;entreprise, d&#039;association, ou bien pr\u00e9sentation d&#039;un [&hellip;]\" \/>\n<meta property=\"og:url\" content=\"https:\/\/atelier-responsif.fr\/index.php\/communication\/\" \/>\n<meta property=\"og:site_name\" content=\"L&#039;Atelier Responsif\" \/>\n<meta property=\"article:modified_time\" content=\"2022-10-21T12:09:10+00:00\" \/>\n<meta name=\"twitter:card\" content=\"summary_large_image\" \/>\n<meta name=\"twitter:site\" content=\"@atelieresponsif\" \/>\n<script type=\"application\/ld+json\" class=\"yoast-schema-graph\">{\"@context\":\"https:\/\/schema.org\",\"@graph\":[{\"@type\":\"WebPage\",\"@id\":\"https:\/\/atelier-responsif.fr\/index.php\/communication\/\",\"url\":\"https:\/\/atelier-responsif.fr\/index.php\/communication\/\",\"name\":\"Communication - L&#039;Atelier Responsif\",\"isPartOf\":{\"@id\":\"https:\/\/atelier-responsif.fr\/#website\"},\"datePublished\":\"2022-10-14T09:35:42+00:00\",\"dateModified\":\"2022-10-21T12:09:10+00:00\",\"breadcrumb\":{\"@id\":\"https:\/\/atelier-responsif.fr\/index.php\/communication\/#breadcrumb\"},\"inLanguage\":\"fr-FR\",\"potentialAction\":[{\"@type\":\"ReadAction\",\"target\":[\"https:\/\/atelier-responsif.fr\/index.php\/communication\/\"]}]},{\"@type\":\"BreadcrumbList\",\"@id\":\"https:\/\/atelier-responsif.fr\/index.php\/communication\/#breadcrumb\",\"itemListElement\":[{\"@type\":\"ListItem\",\"position\":1,\"name\":\"Accueil\",\"item\":\"https:\/\/atelier-responsif.fr\/\"},{\"@type\":\"ListItem\",\"position\":2,\"name\":\"Communication\"}]},{\"@type\":\"WebSite\",\"@id\":\"https:\/\/atelier-responsif.fr\/#website\",\"url\":\"https:\/\/atelier-responsif.fr\/\",\"name\":\"L&#039;Atelier Responsif\",\"description\":\"Conseil et Accompagnement au service de vos projets\",\"publisher\":{\"@id\":\"https:\/\/atelier-responsif.fr\/#organization\"},\"potentialAction\":[{\"@type\":\"SearchAction\",\"target\":{\"@type\":\"EntryPoint\",\"urlTemplate\":\"https:\/\/atelier-responsif.fr\/?s={search_term_string}\"},\"query-input\":\"required name=search_term_string\"}],\"inLanguage\":\"fr-FR\"},{\"@type\":\"Organization\",\"@id\":\"https:\/\/atelier-responsif.fr\/#organization\",\"name\":\"L'Atelier Responsif\",\"url\":\"https:\/\/atelier-responsif.fr\/\",\"logo\":{\"@type\":\"ImageObject\",\"inLanguage\":\"fr-FR\",\"@id\":\"https:\/\/atelier-responsif.fr\/#\/schema\/logo\/image\/\",\"url\":\"https:\/\/atelier-responsif.fr\/wp-content\/uploads\/2022\/09\/Logo-final-AR.png\",\"contentUrl\":\"https:\/\/atelier-responsif.fr\/wp-content\/uploads\/2022\/09\/Logo-final-AR.png\",\"width\":2514,\"height\":3702,\"caption\":\"L'Atelier Responsif\"},\"image\":{\"@id\":\"https:\/\/atelier-responsif.fr\/#\/schema\/logo\/image\/\"},\"sameAs\":[\"https:\/\/twitter.com\/atelieresponsif\"]}]}<\/script>\n<!-- \/ Yoast SEO plugin. -->","yoast_head_json":{"title":"Communication - L&#039;Atelier Responsif","robots":{"index":"index","follow":"follow","max-snippet":"max-snippet:-1","max-image-preview":"max-image-preview:large","max-video-preview":"max-video-preview:-1"},"canonical":"https:\/\/atelier-responsif.fr\/index.php\/communication\/","og_locale":"fr_FR","og_type":"article","og_title":"Communication - L&#039;Atelier Responsif","og_description":"CommunicationJe vous accompagne pour r\u00e9pondre \u00e0 vos besoins en termes de communication, qu'il s'agisse de communication classique, de communication d'entreprise, ou bien de communication scientifique.Site internet Je me charge de la cr\u00e9ation de votre site internet (one-page site ou projet plus complet) ainsi que la r\u00e9daction des contenus. Site d'entreprise, d'association, ou bien pr\u00e9sentation d'un [&hellip;]","og_url":"https:\/\/atelier-responsif.fr\/index.php\/communication\/","og_site_name":"L&#039;Atelier Responsif","article_modified_time":"2022-10-21T12:09:10+00:00","twitter_card":"summary_large_image","twitter_site":"@atelieresponsif","schema":{"@context":"https:\/\/schema.org","@graph":[{"@type":"WebPage","@id":"https:\/\/atelier-responsif.fr\/index.php\/communication\/","url":"https:\/\/atelier-responsif.fr\/index.php\/communication\/","name":"Communication - L&#039;Atelier Responsif","isPartOf":{"@id":"https:\/\/atelier-responsif.fr\/#website"},"datePublished":"2022-10-14T09:35:42+00:00","dateModified":"2022-10-21T12:09:10+00:00","breadcrumb":{"@id":"https:\/\/atelier-responsif.fr\/index.php\/communication\/#breadcrumb"},"inLanguage":"fr-FR","potentialAction":[{"@type":"ReadAction","target":["https:\/\/atelier-responsif.fr\/index.php\/communication\/"]}]},{"@type":"BreadcrumbList","@id":"https:\/\/atelier-responsif.fr\/index.php\/communication\/#breadcrumb","itemListElement":[{"@type":"ListItem","position":1,"name":"Accueil","item":"https:\/\/atelier-responsif.fr\/"},{"@type":"ListItem","position":2,"name":"Communication"}]},{"@type":"WebSite","@id":"https:\/\/atelier-responsif.fr\/#website","url":"https:\/\/atelier-responsif.fr\/","name":"L&#039;Atelier Responsif","description":"Conseil et Accompagnement au service de vos projets","publisher":{"@id":"https:\/\/atelier-responsif.fr\/#organization"},"potentialAction":[{"@type":"SearchAction","target":{"@type":"EntryPoint","urlTemplate":"https:\/\/atelier-responsif.fr\/?s={search_term_string}"},"query-input":"required name=search_term_string"}],"inLanguage":"fr-FR"},{"@type":"Organization","@id":"https:\/\/atelier-responsif.fr\/#organization","name":"L'Atelier Responsif","url":"https:\/\/atelier-responsif.fr\/","logo":{"@type":"ImageObject","inLanguage":"fr-FR","@id":"https:\/\/atelier-responsif.fr\/#\/schema\/logo\/image\/","url":"https:\/\/atelier-responsif.fr\/wp-content\/uploads\/2022\/09\/Logo-final-AR.png","contentUrl":"https:\/\/atelier-responsif.fr\/wp-content\/uploads\/2022\/09\/Logo-final-AR.png","width":2514,"height":3702,"caption":"L'Atelier Responsif"},"image":{"@id":"https:\/\/atelier-responsif.fr\/#\/schema\/logo\/image\/"},"sameAs":["https:\/\/twitter.com\/atelieresponsif"]}]}},"_links":{"self":[{"href":"https:\/\/atelier-responsif.fr\/index.php\/wp-json\/wp\/v2\/pages\/926","targetHints":{"allow":["GET"]}}],"collection":[{"href":"https:\/\/atelier-responsif.fr\/index.php\/wp-json\/wp\/v2\/pages"}],"about":[{"href":"https:\/\/atelier-responsif.fr\/index.php\/wp-json\/wp\/v2\/types\/page"}],"author":[{"embeddable":true,"href":"https:\/\/atelier-responsif.fr\/index.php\/wp-json\/wp\/v2\/users\/1"}],"replies":[{"embeddable":true,"href":"https:\/\/atelier-responsif.fr\/index.php\/wp-json\/wp\/v2\/comments?post=926"}],"version-history":[{"count":35,"href":"https:\/\/atelier-responsif.fr\/index.php\/wp-json\/wp\/v2\/pages\/926\/revisions"}],"predecessor-version":[{"id":1036,"href":"https:\/\/atelier-responsif.fr\/index.php\/wp-json\/wp\/v2\/pages\/926\/revisions\/1036"}],"wp:attachment":[{"href":"https:\/\/atelier-responsif.fr\/index.php\/wp-json\/wp\/v2\/media?parent=926"}],"curies":[{"name":"wp","href":"https:\/\/api.w.org\/{rel}","templated":true}]}}